{"id":3649,"date":"2026-01-13T10:03:23","date_gmt":"2026-01-13T09:03:23","guid":{"rendered":"https:\/\/www.damak.at\/?page_id=3649"},"modified":"2026-02-19T15:49:22","modified_gmt":"2026-02-19T14:49:22","slug":"ramazan-2026-viyana-iftar-saati","status":"publish","type":"page","link":"https:\/\/www.damak.at\/tr\/ramazan-2026-viyana-iftar-saati\/","title":{"rendered":"Iftar Vakti Viyana &#8211; Ramazan 2026"},"content":{"rendered":"<div class=\"wpb-content-wrapper\"><p>[vc_row full_width=&#8221;stretch_row&#8221; css=&#8221;.vc_custom_1545578568204{background-color: #000000 !important;}&#8221;][vc_column offset=&#8221;vc_hidden-md vc_hidden-sm vc_hidden-xs&#8221;][vc_empty_space height=&#8221;30px&#8221;][\/vc_column][\/vc_row][vc_row full_width=&#8221;stretch_row&#8221; css=&#8221;.vc_custom_1545578568204{background-color: #000000 !important;}&#8221;][vc_column offset=&#8221;vc_hidden-md vc_hidden-sm vc_hidden-xs&#8221;][vc_empty_space height=&#8221;30px&#8221;][\/vc_column][\/vc_row][vc_row full_width=&#8221;stretch_row&#8221; content_placement=&#8221;bottom&#8221; css=&#8221;.vc_custom_1545140460190{background-image: url(https:\/\/www.damak.at\/wp-content\/uploads\/top-back.png?id=376) !important;background-position: 0 0 !important;background-repeat: no-repeat !important;}&#8221;][vc_column][vc_empty_space height=&#8221;35px&#8221;][vc_column_text css=&#8221;&#8221;]<\/p>\n<h1 style=\"text-align: center;\">Ramazan 2026 Iftar Vakti Viyana<\/h1>\n<p>[\/vc_column_text][vc_column_text css=&#8221;&#8221;]<\/p>\n<p style=\"text-align: center;\"><strong>2026 Viyana Ramazan \u0130msakiyesi<\/strong>\u00a0ile\u00a0<strong>Viyana<\/strong>\u00a0i\u00e7in iftar ve sahur vakitleri ni an be an takip edebilir,<strong> Viyana`da iftara ne kadar zaman kald\u0131\u011f\u0131n\u0131 \u00f6\u011frenebilir<\/strong>, <strong>Viyana`da sahur<\/strong>un saat ka\u00e7ta bitece\u011fini kolayl\u0131kla takip edebilirsiniz. Ayr\u0131ca \u201c<strong>Viyana iftar ezan\u0131<\/strong> saat ka\u00e7ta okunacak, teravih namaz\u0131 saat ka\u00e7ta, <strong>Viyana i\u00e7in ak\u015fam ezan\u0131<\/strong>na ne kadar kald\u0131, <strong>Viyana`da oru\u00e7<\/strong> saat ka\u00e7ta a\u00e7\u0131lacak\u201d gibi en \u00e7ok merak edilen sorular\u0131n yan\u0131t\u0131n\u0131 da <strong>Damak <a href=\"https:\/\/www.avusturyacenazefonu.at\/viyana-iftar-vakti-2025\/\">Viyana iftar\u00a0 vakitleri<\/a><\/strong>\u00a0sayfam\u0131zda bulabilirsiniz.<\/p>\n<h2 style=\"text-align: center;\"><\/h2>\n<p>[\/vc_column_text][\/vc_column][\/vc_row][vc_row full_width=&#8221;stretch_row&#8221;][vc_column offset=&#8221;vc_hidden-md&#8221;][vc_single_image image=&#8221;3795&#8243; img_size=&#8221;full&#8221; alignment=&#8221;center&#8221; onclick=&#8221;custom_link&#8221; css=&#8221;&#8221; link=&#8221;https:\/\/www.avusturyacenazefonu.at\/basvuru-formu\/&#8221;][\/vc_column][\/vc_row][vc_row][vc_column][vc_column_text css=&#8221;&#8221;]<\/p>\n<div class=\"readyShortCode\"><\/div>\n<div class=\"saveContent\"><\/div>\n<p>[\/vc_column_text][\/vc_column][\/vc_row][vc_row full_width=&#8221;stretch_row&#8221; content_placement=&#8221;bottom&#8221; css=&#8221;.vc_custom_1648861761290{background-position: 0 0 !important;background-repeat: no-repeat !important;}&#8221;][vc_column][vc_empty_space height=&#8221;35px&#8221;][vc_row_inner][vc_column_inner][vc_column_text]<\/p>\n<h2 style=\"text-align: center;\">\u0130ftar Men\u00fc \u2013 Damak Restaurant<\/h2>\n<p style=\"text-align: center;\">De\u011ferli Misafirlerimiz;<\/p>\n<p style=\"text-align: center;\">Ramazan ay\u0131 boyunca 18:00 ile 19.30 saatleri aras\u0131nda Ramazan men\u00fcs\u00fc sunuyoruz. Bu saatler aras\u0131nda sadece ramazan men\u00fcleri servis edilmektedir.<br \/>\nSayg\u0131lar\u0131m\u0131zla.\u00a0Damak\u00a0ekibi<\/p>\n<p>&nbsp;<\/p>\n<h3 style=\"text-align: center;\">L\u00fctfen Rezervasyon yapt\u0131r\u0131n\u0131z. <strong><a href=\"tel: 01 236 0 222\">+43 1 236 0 222<\/a>\u00a0<\/strong><\/h3>\n<p>[\/vc_column_text][\/vc_column_inner][\/vc_row_inner][\/vc_column][\/vc_row][vc_row][vc_column][vc_column_text css=&#8221;&#8221;]<\/p>\n<h3><div class=\"mfn_heading heading_lines align_left\"><h3 class=\"title\" style=\"color:#000;\"><span class=\"line line_l\" style=\"background:#000;\"><\/span>\u0130ftar Men\u00fcs\u00fc<span class=\"line line_r\" style=\"background:#000;\"><\/span><\/h3><\/div>\n<\/h3>\n<p>[\/vc_column_text][vc_row_inner][vc_column_inner][vc_single_image image=&#8221;3762&#8243; img_size=&#8221;full&#8221; alignment=&#8221;center&#8221; css=&#8221;&#8221; el_class=&#8221;mobildeyukari&#8221;][\/vc_column_inner][\/vc_row_inner][\/vc_column][\/vc_row]<\/p>\n<\/div>","protected":false},"excerpt":{"rendered":"<p>[vc_row full_width=&#8221;stretch_row&#8221; css=&#8221;.vc_custom_1545578568204{background-color: #000000 !important;}&#8221;][vc_column offset=&#8221;vc_hidden-md vc_hidden-sm vc_hidden-xs&#8221;][vc_empty_space height=&#8221;30px&#8221;][\/vc_column][\/vc_row][vc_row full_width=&#8221;stretch_row&#8221; css=&#8221;.vc_custom_1545578568204{background-color: #000000 !important;}&#8221;][vc_column offset=&#8221;vc_hidden-md vc_hidden-sm vc_hidden-xs&#8221;][vc_empty_space height=&#8221;30px&#8221;][\/vc_column][\/vc_row][vc_row full_width=&#8221;stretch_row&#8221; content_placement=&#8221;bottom&#8221; css=&#8221;.vc_custom_1545140460190{background-image: url(https:\/\/www.damak.at\/wp-content\/uploads\/top-back.png?id=376) !important;background-position: 0 0 !important;background-repeat: no-repeat<span class=\"excerpt-hellip\"> [\u2026]<\/span><\/p>\n","protected":false},"author":2,"featured_media":-1,"parent":0,"menu_order":0,"comment_status":"closed","ping_status":"closed","template":"","meta":{"inline_featured_image":false,"footnotes":""},"class_list":["post-3649","page","type-page","status-publish","has-post-thumbnail","hentry"],"yoast_head":"<!-- This site is optimized with the Yoast SEO plugin v27.3 - https:\/\/yoast.com\/product\/yoast-seo-wordpress\/ -->\n<title>Iftar Vakti Viyana - Ramazan 2026 - Damak Restaurant Wien<\/title>\n<meta name=\"description\" content=\"Viyana i\u00e7in Ramazan 2026 iftar vakitleri. G\u00fcnl\u00fck oru\u00e7 a\u00e7ma saatleri ve namaz vakitleri tek sayfada.\" \/>\n<meta name=\"robots\" content=\"index, follow, max-snippet:-1, max-image-preview:large, max-video-preview:-1\" \/>\n<link rel=\"canonical\" href=\"https:\/\/www.damak.at\/tr\/ramazan-2026-viyana-iftar-saati\/\" \/>\n<meta property=\"og:locale\" content=\"tr_TR\" \/>\n<meta property=\"og:type\" content=\"article\" \/>\n<meta property=\"og:title\" content=\"Iftar Vakti Viyana - Ramazan 2026 - Damak Restaurant Wien\" \/>\n<meta property=\"og:description\" content=\"Viyana i\u00e7in Ramazan 2026 iftar vakitleri. G\u00fcnl\u00fck oru\u00e7 a\u00e7ma saatleri ve namaz vakitleri tek sayfada.\" \/>\n<meta property=\"og:url\" content=\"https:\/\/www.damak.at\/tr\/ramazan-2026-viyana-iftar-saati\/\" \/>\n<meta property=\"og:site_name\" content=\"Damak Restaurant Wien\" \/>\n<meta property=\"article:publisher\" content=\"https:\/\/www.facebook.com\/damaketliekmek\/?locale=de_DE\" \/>\n<meta property=\"article:modified_time\" content=\"2026-02-19T14:49:22+00:00\" \/>\n<meta name=\"twitter:card\" content=\"summary_large_image\" \/>\n<meta name=\"twitter:label1\" content=\"Tahmini okuma s\u00fcresi\" \/>\n\t<meta name=\"twitter:data1\" content=\"1 dakika\" \/>\n<script type=\"application\/ld+json\" class=\"yoast-schema-graph\">{\"@context\":\"https:\\\/\\\/schema.org\",\"@graph\":[{\"@type\":\"WebPage\",\"@id\":\"https:\\\/\\\/www.damak.at\\\/tr\\\/ramazan-2026-viyana-iftar-saati\\\/\",\"url\":\"https:\\\/\\\/www.damak.at\\\/tr\\\/ramazan-2026-viyana-iftar-saati\\\/\",\"name\":\"Iftar Vakti Viyana - Ramazan 2026 - Damak Restaurant Wien\",\"isPartOf\":{\"@id\":\"https:\\\/\\\/www.damak.at\\\/en\\\/#website\"},\"datePublished\":\"2026-01-13T09:03:23+00:00\",\"dateModified\":\"2026-02-19T14:49:22+00:00\",\"description\":\"Viyana i\u00e7in Ramazan 2026 iftar vakitleri. G\u00fcnl\u00fck oru\u00e7 a\u00e7ma saatleri ve namaz vakitleri tek sayfada.\",\"breadcrumb\":{\"@id\":\"https:\\\/\\\/www.damak.at\\\/tr\\\/ramazan-2026-viyana-iftar-saati\\\/#breadcrumb\"},\"inLanguage\":\"tr\",\"potentialAction\":[{\"@type\":\"ReadAction\",\"target\":[\"https:\\\/\\\/www.damak.at\\\/tr\\\/ramazan-2026-viyana-iftar-saati\\\/\"]}]},{\"@type\":\"BreadcrumbList\",\"@id\":\"https:\\\/\\\/www.damak.at\\\/tr\\\/ramazan-2026-viyana-iftar-saati\\\/#breadcrumb\",\"itemListElement\":[{\"@type\":\"ListItem\",\"position\":1,\"name\":\"Startseite\",\"item\":\"https:\\\/\\\/www.damak.at\\\/tr\\\/\"},{\"@type\":\"ListItem\",\"position\":2,\"name\":\"Iftar Vakti Viyana &#8211; Ramazan 2026\"}]},{\"@type\":\"WebSite\",\"@id\":\"https:\\\/\\\/www.damak.at\\\/en\\\/#website\",\"url\":\"https:\\\/\\\/www.damak.at\\\/en\\\/\",\"name\":\"Damak Restaurant Wien\",\"description\":\"Konya Etliekmek\",\"publisher\":{\"@id\":\"https:\\\/\\\/www.damak.at\\\/en\\\/#organization\"},\"potentialAction\":[{\"@type\":\"SearchAction\",\"target\":{\"@type\":\"EntryPoint\",\"urlTemplate\":\"https:\\\/\\\/www.damak.at\\\/en\\\/?s={search_term_string}\"},\"query-input\":{\"@type\":\"PropertyValueSpecification\",\"valueRequired\":true,\"valueName\":\"search_term_string\"}}],\"inLanguage\":\"tr\"},{\"@type\":\"Organization\",\"@id\":\"https:\\\/\\\/www.damak.at\\\/en\\\/#organization\",\"name\":\"Damak Restaurant Wien\",\"url\":\"https:\\\/\\\/www.damak.at\\\/en\\\/\",\"logo\":{\"@type\":\"ImageObject\",\"inLanguage\":\"tr\",\"@id\":\"https:\\\/\\\/www.damak.at\\\/en\\\/#\\\/schema\\\/logo\\\/image\\\/\",\"url\":\"https:\\\/\\\/www.damak.at\\\/wp-content\\\/uploads\\\/favicon.png\",\"contentUrl\":\"https:\\\/\\\/www.damak.at\\\/wp-content\\\/uploads\\\/favicon.png\",\"width\":32,\"height\":32,\"caption\":\"Damak Restaurant Wien\"},\"image\":{\"@id\":\"https:\\\/\\\/www.damak.at\\\/en\\\/#\\\/schema\\\/logo\\\/image\\\/\"},\"sameAs\":[\"https:\\\/\\\/www.facebook.com\\\/damaketliekmek\\\/?locale=de_DE\",\"https:\\\/\\\/www.instagram.com\\\/damak.restaurant\\\/?hl=de\"]}]}<\/script>\n<!-- \/ Yoast SEO plugin. -->","yoast_head_json":{"title":"Iftar Vakti Viyana - Ramazan 2026 - Damak Restaurant Wien","description":"Viyana i\u00e7in Ramazan 2026 iftar vakitleri. G\u00fcnl\u00fck oru\u00e7 a\u00e7ma saatleri ve namaz vakitleri tek sayfada.","robots":{"index":"index","follow":"follow","max-snippet":"max-snippet:-1","max-image-preview":"max-image-preview:large","max-video-preview":"max-video-preview:-1"},"canonical":"https:\/\/www.damak.at\/tr\/ramazan-2026-viyana-iftar-saati\/","og_locale":"tr_TR","og_type":"article","og_title":"Iftar Vakti Viyana - Ramazan 2026 - Damak Restaurant Wien","og_description":"Viyana i\u00e7in Ramazan 2026 iftar vakitleri. G\u00fcnl\u00fck oru\u00e7 a\u00e7ma saatleri ve namaz vakitleri tek sayfada.","og_url":"https:\/\/www.damak.at\/tr\/ramazan-2026-viyana-iftar-saati\/","og_site_name":"Damak Restaurant Wien","article_publisher":"https:\/\/www.facebook.com\/damaketliekmek\/?locale=de_DE","article_modified_time":"2026-02-19T14:49:22+00:00","twitter_card":"summary_large_image","twitter_misc":{"Tahmini okuma s\u00fcresi":"1 dakika"},"schema":{"@context":"https:\/\/schema.org","@graph":[{"@type":"WebPage","@id":"https:\/\/www.damak.at\/tr\/ramazan-2026-viyana-iftar-saati\/","url":"https:\/\/www.damak.at\/tr\/ramazan-2026-viyana-iftar-saati\/","name":"Iftar Vakti Viyana - Ramazan 2026 - Damak Restaurant Wien","isPartOf":{"@id":"https:\/\/www.damak.at\/en\/#website"},"datePublished":"2026-01-13T09:03:23+00:00","dateModified":"2026-02-19T14:49:22+00:00","description":"Viyana i\u00e7in Ramazan 2026 iftar vakitleri. G\u00fcnl\u00fck oru\u00e7 a\u00e7ma saatleri ve namaz vakitleri tek sayfada.","breadcrumb":{"@id":"https:\/\/www.damak.at\/tr\/ramazan-2026-viyana-iftar-saati\/#breadcrumb"},"inLanguage":"tr","potentialAction":[{"@type":"ReadAction","target":["https:\/\/www.damak.at\/tr\/ramazan-2026-viyana-iftar-saati\/"]}]},{"@type":"BreadcrumbList","@id":"https:\/\/www.damak.at\/tr\/ramazan-2026-viyana-iftar-saati\/#breadcrumb","itemListElement":[{"@type":"ListItem","position":1,"name":"Startseite","item":"https:\/\/www.damak.at\/tr\/"},{"@type":"ListItem","position":2,"name":"Iftar Vakti Viyana &#8211; Ramazan 2026"}]},{"@type":"WebSite","@id":"https:\/\/www.damak.at\/en\/#website","url":"https:\/\/www.damak.at\/en\/","name":"Damak Restaurant Wien","description":"Konya Etliekmek","publisher":{"@id":"https:\/\/www.damak.at\/en\/#organization"},"potentialAction":[{"@type":"SearchAction","target":{"@type":"EntryPoint","urlTemplate":"https:\/\/www.damak.at\/en\/?s={search_term_string}"},"query-input":{"@type":"PropertyValueSpecification","valueRequired":true,"valueName":"search_term_string"}}],"inLanguage":"tr"},{"@type":"Organization","@id":"https:\/\/www.damak.at\/en\/#organization","name":"Damak Restaurant Wien","url":"https:\/\/www.damak.at\/en\/","logo":{"@type":"ImageObject","inLanguage":"tr","@id":"https:\/\/www.damak.at\/en\/#\/schema\/logo\/image\/","url":"https:\/\/www.damak.at\/wp-content\/uploads\/favicon.png","contentUrl":"https:\/\/www.damak.at\/wp-content\/uploads\/favicon.png","width":32,"height":32,"caption":"Damak Restaurant Wien"},"image":{"@id":"https:\/\/www.damak.at\/en\/#\/schema\/logo\/image\/"},"sameAs":["https:\/\/www.facebook.com\/damaketliekmek\/?locale=de_DE","https:\/\/www.instagram.com\/damak.restaurant\/?hl=de"]}]}},"_links":{"self":[{"href":"https:\/\/www.damak.at\/tr\/wp-json\/wp\/v2\/pages\/3649","targetHints":{"allow":["GET"]}}],"collection":[{"href":"https:\/\/www.damak.at\/tr\/wp-json\/wp\/v2\/pages"}],"about":[{"href":"https:\/\/www.damak.at\/tr\/wp-json\/wp\/v2\/types\/page"}],"author":[{"embeddable":true,"href":"https:\/\/www.damak.at\/tr\/wp-json\/wp\/v2\/users\/2"}],"replies":[{"embeddable":true,"href":"https:\/\/www.damak.at\/tr\/wp-json\/wp\/v2\/comments?post=3649"}],"version-history":[{"count":15,"href":"https:\/\/www.damak.at\/tr\/wp-json\/wp\/v2\/pages\/3649\/revisions"}],"predecessor-version":[{"id":3813,"href":"https:\/\/www.damak.at\/tr\/wp-json\/wp\/v2\/pages\/3649\/revisions\/3813"}],"wp:featuredmedia":[{"embeddable":true,"href":"https:\/\/www.damak.at\/tr\/wp-json\/"}],"wp:attachment":[{"href":"https:\/\/www.damak.at\/tr\/wp-json\/wp\/v2\/media?parent=3649"}],"curies":[{"name":"wp","href":"https:\/\/api.w.org\/{rel}","templated":true}]}}