{"id":937,"date":"2018-12-18T15:29:06","date_gmt":"2018-12-18T14:29:06","guid":{"rendered":"https:\/\/www.damak.at\/datenschutz\/"},"modified":"2019-03-26T16:32:44","modified_gmt":"2019-03-26T15:32:44","slug":"gizlilik_politikasi","status":"publish","type":"page","link":"https:\/\/www.damak.at\/tr\/gizlilik_politikasi\/","title":{"rendered":"Gizlilik Politikas\u0131"},"content":{"rendered":"<div class=\"wpb-content-wrapper\"><p>[vc_row full_width=&#8221;stretch_row&#8221; css=&#8221;.vc_custom_1545578568204{background-color: #000000 !important;}&#8221;][vc_column offset=&#8221;vc_hidden-md vc_hidden-sm vc_hidden-xs&#8221;][vc_empty_space height=&#8221;30px&#8221;][\/vc_column][\/vc_row][vc_row full_width=&#8221;stretch_row&#8221; content_placement=&#8221;bottom&#8221; css=&#8221;.vc_custom_1545140460190{background-image: url(https:\/\/www.damak.at\/wp-content\/uploads\/top-back.png?id=376) !important;background-position: 0 0 !important;background-repeat: no-repeat !important;}&#8221;][vc_column][vc_empty_space height=&#8221;35px&#8221;][vc_column_text]<\/p>\n<h2>Gizlilik Politikas\u0131<\/h2>\n<p>[\/vc_column_text][vc_column_text css=&#8221;.vc_custom_1553614334601{margin-bottom: -20px !important;}&#8221;]<\/p>\n<div class=\"vSiteElemBox\">\n<div class=\"vSiteElemBoxInhalt\">\n<div class=\"vSiteElemBox\">\n<div class=\"vSiteElemBoxInhalt\">\n<p><strong>1. Genel<\/strong><\/p>\n<p>Bu Gizlilik Politikas\u0131, KVMK Business GmbH (bundan sonra KVMK olarak an\u0131lacakt\u0131r) hizmetlerini kullanan herkes i\u00e7in ge\u00e7erlidir. Ki\u015fisel verilerinizin \u015firketimiz taraf\u0131ndan toplanmas\u0131 ve kullan\u0131lmas\u0131yla ilgili do\u011fas\u0131, kapsam\u0131 ve amac\u0131 hakk\u0131nda sizi bilgilendiririz. Gizlili\u011finize sayg\u0131 duyuyoruz ve ki\u015fisel verilerinizin i\u015flenmesiyle ilgili yasal gerekliliklere tam olarak uymaya \u00e7al\u0131\u015f\u0131yoruz (679\/2016 AB Y\u00f6netmeli\u011fi (DSGVO), DSG 2000, DSG 2018 ve TKG 2003). T\u00fcm ki\u015fisel bilgileriniz bu temelde i\u015flenecektir. Veri i\u015fleme sorumlusu KVMK, Leibnizgasse 15, 1100 Vienna&#8217;d\u0131r.\u00a0<span lang=\"tr\" tabindex=\"0\">Gizlilik Koordinat\u00f6r\u00fcm\u00fcz Volkan Akin&#8217;dir (office@damak.at, +43 1 236 0 222).<\/span><\/p>\n<p>Hizmetlerimizi kullanarak ve bu ifade anlam\u0131nda onay alarak, 14 ya\u015f\u0131na geldi\u011finizi ve onay verebildi\u011finizi veya veli ya da y\u00f6neticinizin zaten etkin bir onay\u0131n\u0131n oldu\u011funu onaylam\u0131\u015f olursunuz.<\/p>\n<p><strong>Madde 13 DSGVO&#8217;ya g\u00f6re bilgiler <\/strong><\/p>\n<p>Ki\u015fisel verileriniz, \u00f6zellikle<\/p>\n<p>&#8211; Ana verileriniz (ad, soyad, adres, e-posta adresi, telefon numaras\u0131),<\/p>\n<p>&#8211; \u00d6deme y\u00f6ntemleri ve \u00f6demelerle ilgili, \u00f6zellikle banka kartlar\u0131, kredi kartlar\u0131 ve banka kartlar\u0131 ile ilgili veriler,<\/p>\n<p>&#8211; sa\u011fl\u0131k verileri gibi \u00f6zel veri kategorileri (alerjiler, \u00f6zel yemekler),<\/p>\n<p>Hizmetlerimiz i\u00e7in ihtiya\u00e7 vard\u0131r. Bu nedenle, bu verileri \u00fc\u00e7\u00fcnc\u00fc \u015fah\u0131slara, \u00fc\u00e7\u00fcnc\u00fc \u00fclkelerdeki servis sa\u011flay\u0131c\u0131lar\u0131, seyahat rezervasyonlar\u0131, yaz\u0131l\u0131m ve acentelik hizmetleri i\u00e7in i\u015flemciler olarak dahil ederek, \u00fc\u00e7\u00fcnc\u00fc taraflara g\u00f6nderiyoruz..<\/p>\n<p>Profil olu\u015fturma ve otomatik kararlar kullanm\u0131yoruz.<\/p>\n<p>Bilgileri depolamn\u0131n s\u00fcresi i\u015f ili\u015fkimizin s\u00fcresine ve ayr\u0131ca bizim i\u00e7in ge\u00e7erli yasal saklama \u015fartlar\u0131na ba\u011fl\u0131d\u0131r. M\u00fcmk\u00fcn olan en iyi m\u00fc\u015fteri hizmetimiz i\u00e7in d\u00fczenli bir i\u015fbirli\u011fi durumunda, bize zaten iletilmi\u015f olan m\u00fc\u015fteri isteklerinizi, sizi s\u00fcrekli ve kal\u0131c\u0131 olarak tatmin edebilmemiz i\u00e7in bilmeye gayret ediyoruz.<\/p>\n<p><strong>Web \u0130zleme<\/strong><\/p>\n<p>Web sitemizi giri\u015f yaparak eri\u015fim verileriniz otomatik olarak toplan\u0131r ve saklan\u0131r. Bu eri\u015fim verileri, \u00f6zellikle eri\u015filen sayfay\u0131, g\u00f6r\u00fcnt\u00fclenen dosyalar\u0131, \u00e7a\u011fr\u0131n\u0131n tarihini ve saatini, kullan\u0131c\u0131n\u0131n IP adresini, arayan bilgisayar\u0131n verilerini, \u00f6zellikle taray\u0131c\u0131y\u0131 ve i\u015fletim sistemini, veri hacmini ve ba\u015far\u0131l\u0131 araman\u0131n mesaj\u0131n\u0131 i\u00e7erebilir. Bu eri\u015fim verileri taraf\u0131m\u0131zdan teklifimizin g\u00fcvenli\u011fini sa\u011flamak ve teklifi optimize etmek i\u00e7in istatistiksel olarak kullan\u0131l\u0131r. Yasad\u0131\u015f\u0131 bir eylemden \u015f\u00fcpheleniliyorsa, eri\u015fim verileri kan\u0131tlar\u0131 g\u00fcvence alt\u0131na almak i\u00e7in de\u011ferlendirilecektir.<\/p>\n<p>Ki\u015fisel verilerinizi ileti\u015fim formlar\u0131m\u0131zdan birine girerek, bu \u00f6zel talep s\u00fcresince taraf\u0131m\u0131zca iletilme ve depolama ve i\u015fleme kabul etmi\u015f say\u0131l\u0131rs\u0131n\u0131z. Bu, \u00f6zellikle ileti\u015fim formu, sohbet ve bize g\u00f6nderdi\u011finiz e-postalar yoluyla talepleriniz i\u00e7in ge\u00e7erlidir. \u0130ste\u011finizi i\u015flemek i\u00e7in bu verilere ihtiyac\u0131m\u0131z var ve bu durumlarda IP adresinizi delilleri g\u00fcvence alt\u0131na almak i\u00e7in de saklay\u0131n. Depolama, taraf\u0131n\u0131zdan veya taraf\u0131m\u0131zdan ek veya daha sonra sorulan sorular\u0131n bak\u0131m\u0131 i\u00e7in gerekli oldu\u011fu s\u00fcrece ger\u00e7ekle\u015fir.<\/p>\n<p>Damak.at sitemiz \u00fczerinden da\u011f\u0131t\u0131ma dahil etmedi\u011fimiz hi\u00e7bir veri talep edilmez ve saklanmaz. Ayn\u0131 h\u00fck\u00fcm depolama ve silme i\u00e7in de ge\u00e7erlidir.<\/p>\n<p>Bu veri i\u015flemenin yasal temeli sizin izniniz, s\u00f6zle\u015fme \u00f6ncesi ve s\u00f6zle\u015fmeden do\u011fan y\u00fck\u00fcml\u00fcl\u00fcklerimiz, me\u015fru \u00e7\u0131karlar\u0131m\u0131z ve her t\u00fcrl\u00fc yasal y\u00fck\u00fcml\u00fcl\u00fcklerdir ve \u00a7 96 TKG.<\/p>\n<p><strong>E-B\u00fclten \u00dcyeli\u011fi<\/strong><\/p>\n<p>B\u00fcltenimize abone olmakta \u00f6zg\u00fcrs\u00fcn\u00fcz. Ald\u0131\u011f\u0131n\u0131z her b\u00fcltende b\u00fclten listesinden \u00e7\u0131kmak i\u00e7in ihtiya\u00e7 duydu\u011funuz t\u00fcm bilgileri bulacaks\u0131n\u0131z. B\u00fcltenlerimiz hakk\u0131nda daha fazla bilgi i\u00e7in, l\u00fctfen <a href=\"mailto:office@damak.at\"> office@damak.at <\/a> adresinden bize ula\u015f\u0131n. Size yard\u0131mc\u0131 olmaktan mutluluk duyar\u0131z.<\/p>\n<p>\u0130nternet sitemizin i\u00e7eri\u011fi birka\u00e7 kez dikkatlice kontrol edildi ve haz\u0131rland\u0131, ancak verilen bilgilerin g\u00fcncelli\u011fi, do\u011frulu\u011fu ve eksiksizli\u011fi konusunda sorumluluk kabul etmiyoruz. Bilginin kullan\u0131lmas\u0131 veya kullan\u0131lmamas\u0131 veya yanl\u0131\u015f veya eksik bilgilerin kullan\u0131lmas\u0131 ile ilgili tazminat talepleri hari\u00e7 tutulmu\u015ftur. T\u00fcm teklifler ba\u011flay\u0131c\u0131 de\u011fildir. Teklifi veya bir b\u00f6l\u00fcm\u00fcn\u00fc \u00f6nceden bildirimde bulunmaks\u0131z\u0131n de\u011fi\u015ftirme, de\u011fi\u015ftirme veya silme veya web sitesinin ge\u00e7ici veya kal\u0131c\u0131 olarak yay\u0131nlanmas\u0131n\u0131 durdurma hakk\u0131m\u0131z sakl\u0131d\u0131r.<\/p>\n<p>\u0130nternet sitemizin i\u00e7eri\u011fi ve programlanmas\u0131 telif haklar\u0131 ve yard\u0131mc\u0131 telif haklar\u0131 ile korunmaktad\u0131r. Herhangi bir \u00e7o\u011faltma \u00f6zellikle metinlerin, grafiklerin ve foto\u011fraflar\u0131n kopyalanmas\u0131, \u00f6nceden yaz\u0131l\u0131 onay\u0131m\u0131z olmadan yasakt\u0131r.<\/p>\n<p><strong>Verilerin \u00fc\u00e7\u00fcnc\u00fc \u015fah\u0131slara iletilmesi \/ y\u00fck\u00fcml\u00fcl\u00fckleri <\/strong><\/p>\n<p>Ki\u015fisel bilgileriniz taraf\u0131m\u0131zdan;<\/p>\n<p>&#8211; Grup i\u00e7inde izin verilen kullan\u0131mlar dikkate al\u0131narak,<\/p>\n<p>&#8211; y\u00fcr\u00fcrl\u00fckteki gizlilik standartlar\u0131na uymam\u0131z\u0131 taahh\u00fct etmi\u015f bir i\u015flemciye (\u00f6rne\u011fin, elektronik b\u00fclten reklamlar\u0131m\u0131za) veya<\/p>\n<p>&#8211; \u0130stedi\u011finiz hizmetleri sa\u011flamas\u0131 gereken \u00fc\u00e7\u00fcnc\u00fc taraflara,<\/p>\n<p>ile payla\u015f\u0131labilir. Avrupa veri koruma standartlar\u0131na uygunluk m\u00fcmk\u00fcn de\u011filse &#8211; \u00f6rne\u011fin, standart s\u00f6zle\u015fme h\u00fck\u00fcmleri, yeterlilik kararlar\u0131 veya sertifikalar belirli bir durumda garanti edilmedi\u011fi i\u00e7in &#8211; zaman\u0131nda size bilgi verece\u011fiz ve gerekli onaylar\u0131 sizden alaca\u011f\u0131z. Daha fazla bilgi i\u00e7in, l\u00fctfen <a href=\"mailto:office@damak.at\"> office@damak.at <\/a> adresinden bize ula\u015f\u0131n.<\/p>\n<p><strong>\u00c7erezler ve izleme hizmetleri <\/strong><\/p>\n<p>Web taray\u0131c\u0131lar\u0131nda bilgi depolamak i\u00e7in kullan\u0131lan k\u00fc\u00e7\u00fck metin \u00f6\u011feleri olan \u00e7erezleri(Cookie`ler) kullan\u0131yoruz. \u00c7erezler, web sitemizi bir sonraki ziyaretinizde tan\u0131n\u0131r ve y\u00fckleme i\u015fleminin h\u0131zlanmas\u0131na ve tekliflerimizin kullan\u0131m\u0131n\u0131n sizin i\u00e7in rahat bir \u015fekilde yap\u0131lmas\u0131na b\u00fcy\u00fck katk\u0131da bulunur. Tan\u0131mlama bilgileri taraf\u0131ndan tan\u0131nan ve depolanan bilgileriniz tan\u0131man\u0131z i\u00e7in de\u011fil, ayn\u0131 zamanda kullan\u0131c\u0131 davran\u0131\u015f\u0131n\u0131z\u0131n analizi i\u00e7indir. Bir i\u015flemci olarak bize uygulanabilir veri koruma standartlar\u0131na uymay\u0131 taahh\u00fct eden ilgili sa\u011flay\u0131c\u0131n\u0131n sunucusunda saklanacaks\u0131n\u0131z.<\/p>\n<p>Web sitemizi ziyaret ettikten sonra, en ba\u015ftan reddetmedi\u011finiz ya da \u00e7erezleri aktif olarak silmedi\u011finiz s\u00fcrece \u00e7erezler cihaz\u0131n\u0131zda saklanmaya devam eder. \u00c7erezleri aktif olarak devre d\u0131\u015f\u0131 b\u0131rakmak web sitelerimizin i\u015flevselli\u011fini etkileyebilir. Taray\u0131c\u0131 yaz\u0131l\u0131m\u0131n\u0131z\u0131 buna g\u00f6re ayarlayarak da \u00e7erezlerin saklanmas\u0131n\u0131 \u00f6nleyebilirsiniz. Ancak, bu durumda web sitemizin t\u00fcm \u00f6zelliklerini kullanamayabilece\u011finizi belirtiyoruz. Ayr\u0131ca, \u00e7erez taraf\u0131ndan olu\u015fturulan ve web sitesini kullanman\u0131zla (IP adresiniz dahil) Google\u2019a iletilmesinin yan\u0131 s\u0131ra bu verilerin google.com adresinde bulunan taray\u0131c\u0131y\u0131 kullanarak Google taraf\u0131ndan i\u015flenmesini de \u00f6nleyebilirsiniz. Eklentiyi indirin ve y\u00fckleyin. Ancak, eklenti yaln\u0131zca belirli taray\u0131c\u0131 programlar\u0131nda kullan\u0131labilir.<\/p>\n<p>Web sitemizi sizin i\u00e7in olabildi\u011fince bilgilendirici ve kolay hale getirmek i\u00e7in web sitemizdeki \u00fc\u00e7\u00fcnc\u00fc taraf i\u00e7eri\u011fini de kullan\u0131r\u0131z. Bunlar, \u00f6rne\u011fin Google Haritalar, RSS Yay\u0131nlar\u0131 veya Youtube\u2019u i\u00e7erir. Bu \u00fc\u00e7\u00fcnc\u00fc taraf sat\u0131c\u0131lar IP adresinizi teknik nedenlerden dolay\u0131 alacaklard\u0131r. \u00dc\u00e7\u00fcnc\u00fc taraf sa\u011flay\u0131c\u0131 taraf\u0131ndan bu verilerin kullan\u0131m\u0131 \u00fczerinde kontrol\u00fcm\u00fcz yoktur. Bu ba\u011flamda, ilgili sa\u011flay\u0131c\u0131lar\u0131n gizlilik beyanlar\u0131na at\u0131fta bulunuruz.<\/p>\n<p><strong>Google Analytics<\/strong><\/p>\n<p>Bu web sitesi, kullan\u0131c\u0131lar\u0131n web sitesi kullan\u0131m\u0131n\u0131 analiz etmek i\u00e7in Google Inc. (1600 Amphitheatre Parkway Mountain View, CA 94043, ABD) taraf\u0131ndan sa\u011flanan &#8220;Google Analytics&#8221; hizmetini kullan\u0131r. Servis &#8220;\u00e7erezleri&#8221; kullan\u0131r &#8211; cihaz\u0131n\u0131zda kay\u0131tl\u0131 metin dosyalar\u0131. \u00c7erezler taraf\u0131ndan toplanan bilgiler genellikle ABD\u2019deki bir Google sunucusuna g\u00f6nderilir ve orada saklan\u0131r.<\/p>\n<p>Bu web sitesinde IP anonimli\u011fi bulunur. Kullan\u0131c\u0131lar\u0131n IP adresleri AB ve Avrupa Ekonomik B\u00f6lgesi \u00fcye devletlerinde k\u0131salt\u0131lm\u0131\u015ft\u0131r. Bu azalma, IP adresinizin ki\u015fisel referans\u0131n\u0131 ortadan kald\u0131r\u0131r. Web sitesi operat\u00f6rlerinin Google Inc.\u2019e girdikleri anla\u015fma \u015fartlar\u0131 uyar\u0131nca, toplanan bilgileri, web sitesi etkinli\u011fi ve web sitesi etkinli\u011fi de\u011ferlendirmesini derlemek ve \u0130nternet ile ilgili hizmetler sunmak i\u00e7in kullan\u0131rlar<\/p>\n<p>Taray\u0131c\u0131n\u0131zda uygun ayarlar\u0131 yaparak \u00e7erezin cihaz\u0131n\u0131zda saklanmas\u0131n\u0131 \u00f6nleme se\u00e7ene\u011finiz vard\u0131r. Bu web sitesinin t\u00fcm \u00f6zelliklerine hi\u00e7bir k\u0131s\u0131tlama olmadan eri\u015fece\u011finizin garantisi yoktur.<\/p>\n<p>Google Inc taraf\u0131ndan veri kullan\u0131m\u0131 hakk\u0131nda daha fazla bilgi:<a href=\"https:\/\/support.google.com\/analytics\/answer\/6004245?hl=de\">https:\/\/support.google.com\/analytics\/answer\/6004245?hl=de<\/a><\/p>\n<p><strong>Sosyal medya eklentilerinin kullan\u0131m\u0131<\/strong><\/p>\n<div class=\"text\">\n<p>Sosyal a\u011flar facebook.com ve Twitter eklentileri\u00a0(\u201ceklentiler\u201d) web sayfalar\u0131m\u0131za g\u00f6m\u00fclebilir. \u0130lgili servisler Facebook Inc. ve Twitter Inc.\u00a0(\u201cservis sa\u011flay\u0131c\u0131lar\u201d) \u015firketleri taraf\u0131ndan sa\u011flan\u0131r.<\/p>\n<\/div>\n<div class=\"text\">\n<p>Facebook, Facebook Inc., 1601 S. California Ave, Palo Alto, CA 94304, ABD (&#8220;Facebook&#8221;) taraf\u0131ndan i\u015fletilmektedir. Facebook eklentileri ve g\u00f6r\u00fcn\u00fcmlerini g\u00f6zden ge\u00e7irmek i\u00e7in \u015fu adresi ziyaret edebilirsiniz:\u00a0<a href=\"https:\/\/developers.facebook.com\/docs\/plugins\" target=\"_blank\" rel=\"noopener\" data-webtrekkactionname=\"externalLinks\">https:\/\/developers.facebook.com\/docs\/plugins<\/a><\/p>\n<\/div>\n<div class=\"text\">\n<p>Twitter, Twitter Inc., 1355 Market St, Suite 900, San Francisco, CA 94103, ABD taraf\u0131ndan i\u015fletilmektedir. Twitter butonlar\u0131 ve g\u00f6r\u00fcn\u00fcmlerini g\u00f6zden ge\u00e7irmek i\u00e7in \u015fu adresi ziyaret edebilirsiniz:\u00a0<a href=\"https:\/\/dev.twitter.com\/web\/tweet-button\" target=\"_self\" data-webtrekkactionname=\"externalLinks\">https:\/\/dev.twitter.com\/web\/tweet-button<\/a><\/p>\n<\/div>\n<div class=\"text\">\n<p>Web sitelerimizi ziyaret etti\u011finizde verilerinizin korunma seviyesini art\u0131rmak i\u00e7in bu eklentiler \u201c\u00c7ift t\u0131klanan butonlar\u201d olarak uygulamaya konmu\u015ftur. Bu tarz bir entegrasyon bu tarz eklentiler i\u00e7eren web sitelerine, web sitemiz i\u00e7erisinden eri\u015fti\u011finizde, otomatik olarak servis sa\u011flay\u0131c\u0131lar\u0131n sunucular\u0131yla ba\u011flant\u0131 kurmaman\u0131z\u0131 sa\u011flar. Sadece bu eklentileri etkinle\u015ftirmeniz durumunda veri aktar\u0131m\u0131na izin vermi\u015f olursunuz ve taray\u0131c\u0131 servis sa\u011flay\u0131c\u0131lar\u0131n sunucular\u0131na do\u011frudan bir ba\u011flant\u0131 olu\u015fturur. \u00c7e\u015fitli eklentilerin i\u00e7eri\u011fi ard\u0131ndan ilgili servis sa\u011flay\u0131c\u0131 taraf\u0131ndan do\u011frudan taray\u0131c\u0131n\u0131za aktar\u0131l\u0131r ve ard\u0131ndan ekran\u0131n\u0131zda g\u00f6r\u00fcnt\u00fclenir.<\/p>\n<\/div>\n<div class=\"text\">\n<p>Eklenti servis sa\u011flay\u0131c\u0131ya hangi websitesi sayfalar\u0131m\u0131z\u0131 ziyaret etti\u011finiz s\u00f6yler. Websitemizi gezerken Facebook ya da Twitter kullan\u0131c\u0131 hesab\u0131n\u0131za ba\u011fl\u0131 olman\u0131z durumunda, servis sa\u011flay\u0131c\u0131 kullan\u0131c\u0131 hesab\u0131n\u0131zla eri\u015fti\u011finiz bilgiler gibi ilgi duydu\u011funuz alanlar hakk\u0131nda veri toplayabilir. Herhangi eklenti fonksiyonunu kullan\u0131rken\u00a0(\u00f6rne\u011fin \u201cLike\u201d [Be\u011feni] butonuna t\u0131kland\u0131\u011f\u0131nda, yorum yaz\u0131ld\u0131\u011f\u0131nda) bu bilgi de taray\u0131c\u0131 taraf\u0131ndan do\u011frudan saklanmak \u00fczere servis sa\u011flay\u0131c\u0131ya aktar\u0131l\u0131r.<\/p>\n<\/div>\n<div class=\"text\">\n<p>Facebook ya da Twitter taraf\u0131ndan veri toplanmas\u0131 ve kullan\u0131m\u0131 hakk\u0131nda daha ayr\u0131nt\u0131l\u0131 bilgilere ve bu \u015fartlar alt\u0131nda gizlili\u011finizi korumak i\u00e7in faydalanabilece\u011finiz haklar ve olas\u0131l\u0131klara servis sa\u011flay\u0131c\u0131n\u0131n veri koruma\/gizlilik tavsiyeleri alt\u0131ndan ula\u015fabilirsiniz.<\/p>\n<\/div>\n<div class=\"text\">\n<p>Veri koruma\/Facebook taraf\u0131ndan yay\u0131nlanan gizlilik tavsiyesi:\u00a0<a href=\"https:\/\/www.facebook.com\/policy.php\" target=\"_blank\" rel=\"noopener\" data-webtrekkactionname=\"externalLinks\">http:\/\/www.facebook.com\/policy.php<\/a><\/p>\n<\/div>\n<div class=\"text\">\n<p>Veri koruma\/Twitter taraf\u0131ndan yay\u0131nlanan gizlilik tavsiyesi:\u00a0<a href=\"https:\/\/twitter.com\/privacy\" target=\"_blank\" rel=\"noopener\" data-webtrekkactionname=\"externalLinks\">https:\/\/twitter.com\/privacy<\/a><\/p>\n<\/div>\n<div class=\"text\">\n<p>Facebook ya da Twitter&#8217;\u0131n, sitelerinde sahip oldu\u011funuz kullan\u0131c\u0131 hesab\u0131n\u0131zla web sitemize ziyaretinize ili\u015fkin ba\u011flant\u0131 kurmas\u0131n\u0131 engellemek i\u00e7in, web sayfalar\u0131m\u0131za eri\u015fmeden \u00f6nce ilgili kullan\u0131c\u0131 hesaplar\u0131nda oturumunuzu kapatman\u0131z gerekir.<\/p>\n<\/div>\n<p><strong>Kontakt<\/strong><\/p>\n<p>Taraf\u0131m\u0131zdan saklanan ki\u015fisel verileriniz hakk\u0131nda istedi\u011finiz zaman \u00fccretsiz bilgi talep edebilirsiniz. Bir veri konusu olarak, taraf\u0131m\u0131z\u0131n kay\u0131tlar\u0131n\u0131 tutmak i\u00e7in yasal bir zorunluluk olmad\u0131k\u00e7a, ki\u015fisel verilerinizi iptal etme, bilgi verme, silme, d\u00fczeltme, s\u0131n\u0131rlama ve aktarma hakk\u0131n\u0131z vard\u0131r.<\/p>\n<p>Ma\u011fdur olarak haklar\u0131n\u0131z hakk\u0131nda daha fazla bilgi i\u00e7in, l\u00fctfen <a href=\"mailto:office@damak.at\"> office@damak.at <\/a> veya +43 1 236 0 222 adresinden bize ula\u015f\u0131n. Yard\u0131m etmek i\u00e7in buraday\u0131z. \u015eikayetler i\u00e7in Avusturya Veri Koruma Kurumu (DSB), Wickenburggasse 8-10, 1080 Vienna, denetleme otoritesidir.<\/p>\n<p><strong>Kullan\u0131c\u0131 haklar\u0131: bilgi, d\u00fczeltme ve silme<\/strong><\/p>\n<p>Bir kullan\u0131c\u0131 olarak, sizlerin iste\u011fi \u00fczerine, hakk\u0131n\u0131zda hangi ki\u015fisel verilerin depoland\u0131\u011f\u0131 hakk\u0131nda \u00fccretsiz bilgi alabilirsiniz. \u0130ste\u011finiz verileri tutmakla ilgili yasal bir g\u00f6revle \u00e7eli\u015fmiyorsa (\u00f6rne\u011fin, veri saklama), hatal\u0131 verileri d\u00fczeltme ve ki\u015fisel verilerinizi engelleme veya silme hakk\u0131n\u0131z vard\u0131r.<\/p>\n<p><strong>Di\u011fer<\/strong><\/p>\n<p>Saklad\u0131\u011f\u0131m\u0131z ve i\u015fledi\u011fimiz ki\u015fisel bilgilerinizi korumak i\u00e7in s\u00fcrekli olarak de\u011ferlendirdi\u011fimiz ve uyarlad\u0131\u011f\u0131m\u0131z organizasyonel ve teknik g\u00fcvenceler uygulad\u0131k.<\/p>\n<p>Bu gizlilik politikas\u0131n\u0131 herhangi bir zamanda de\u011fi\u015ftirme ve yeni geli\u015fmelere adapte etme hakk\u0131m\u0131z sakl\u0131d\u0131r. Yeni s\u00fcr\u00fcm web sitemizdeki provizyondan ge\u00e7erlidir. Gizlilik politikas\u0131n\u0131n g\u00fcncel s\u00fcr\u00fcm\u00fc web sitesinde her zaman mevcuttur.<\/p>\n<\/div>\n<\/div>\n<\/div>\n<\/div>\n<p>[\/vc_column_text][\/vc_column][\/vc_row][vc_row full_width=&#8221;stretch_row_content_no_spaces&#8221;][vc_column][vc_empty_space height=&#8221;15px&#8221;][vc_single_image image=&#8221;40&#8243; img_size=&#8221;full&#8221; alignment=&#8221;center&#8221; css=&#8221;.vc_custom_1538614234640{margin-bottom: -40px !important;}&#8221;][\/vc_column][\/vc_row]<\/p>\n<\/div>","protected":false},"excerpt":{"rendered":"<p>[vc_row full_width=&#8221;stretch_row&#8221; css=&#8221;.vc_custom_1545578568204{background-color: #000000 !important;}&#8221;][vc_column offset=&#8221;vc_hidden-md vc_hidden-sm vc_hidden-xs&#8221;][vc_empty_space height=&#8221;30px&#8221;][\/vc_column][\/vc_row][vc_row full_width=&#8221;stretch_row&#8221; content_placement=&#8221;bottom&#8221; css=&#8221;.vc_custom_1545140460190{background-image: url(https:\/\/www.damak.at\/wp-content\/uploads\/top-back.png?id=376) !important;background-position: 0 0 !important;background-repeat: no-repeat !important;}&#8221;][vc_column][vc_empty_space height=&#8221;35px&#8221;][vc_column_text] Gizlilik Politikas\u0131 [\/vc_column_text][vc_column_text css=&#8221;.vc_custom_1553614334601{margin-bottom: -20px !important;}&#8221;]<span class=\"excerpt-hellip\"> [\u2026]<\/span><\/p>\n","protected":false},"author":2,"featured_media":0,"parent":0,"menu_order":0,"comment_status":"closed","ping_status":"closed","template":"","meta":{"inline_featured_image":false,"footnotes":""},"class_list":["post-937","page","type-page","status-publish","hentry"],"yoast_head":"<!-- This site is optimized with the Yoast SEO plugin v27.3 - https:\/\/yoast.com\/product\/yoast-seo-wordpress\/ -->\n<title>Gizlilik Politikas\u0131 - Damak Restaurant Wien<\/title>\n<meta name=\"robots\" content=\"index, follow, max-snippet:-1, max-image-preview:large, max-video-preview:-1\" \/>\n<link rel=\"canonical\" href=\"https:\/\/www.damak.at\/tr\/gizlilik_politikasi\/\" \/>\n<meta property=\"og:locale\" content=\"tr_TR\" \/>\n<meta property=\"og:type\" content=\"article\" \/>\n<meta property=\"og:title\" content=\"Gizlilik Politikas\u0131 - Damak Restaurant Wien\" \/>\n<meta property=\"og:description\" content=\"[vc_row full_width=&#8221;stretch_row&#8221; css=&#8221;.vc_custom_1545578568204{background-color: #000000 !important;}&#8221;][vc_column offset=&#8221;vc_hidden-md vc_hidden-sm vc_hidden-xs&#8221;][vc_empty_space height=&#8221;30px&#8221;][\/vc_column][\/vc_row][vc_row full_width=&#8221;stretch_row&#8221; content_placement=&#8221;bottom&#8221; css=&#8221;.vc_custom_1545140460190{background-image: url(https:\/\/www.damak.at\/wp-content\/uploads\/top-back.png?id=376) !important;background-position: 0 0 !important;background-repeat: no-repeat !important;}&#8221;][vc_column][vc_empty_space height=&#8221;35px&#8221;][vc_column_text] Gizlilik Politikas\u0131 [\/vc_column_text][vc_column_text css=&#8221;.vc_custom_1553614334601{margin-bottom: -20px !important;}&#8221;] [\u2026]\" \/>\n<meta property=\"og:url\" content=\"https:\/\/www.damak.at\/tr\/gizlilik_politikasi\/\" \/>\n<meta property=\"og:site_name\" content=\"Damak Restaurant Wien\" \/>\n<meta property=\"article:publisher\" content=\"https:\/\/www.facebook.com\/damaketliekmek\/?locale=de_DE\" \/>\n<meta property=\"article:modified_time\" content=\"2019-03-26T15:32:44+00:00\" \/>\n<meta name=\"twitter:card\" content=\"summary_large_image\" \/>\n<meta name=\"twitter:label1\" content=\"Tahmini okuma s\u00fcresi\" \/>\n\t<meta name=\"twitter:data1\" content=\"11 dakika\" \/>\n<script type=\"application\/ld+json\" class=\"yoast-schema-graph\">{\"@context\":\"https:\\\/\\\/schema.org\",\"@graph\":[{\"@type\":\"WebPage\",\"@id\":\"https:\\\/\\\/www.damak.at\\\/tr\\\/gizlilik_politikasi\\\/\",\"url\":\"https:\\\/\\\/www.damak.at\\\/tr\\\/gizlilik_politikasi\\\/\",\"name\":\"Gizlilik Politikas\u0131 - Damak Restaurant Wien\",\"isPartOf\":{\"@id\":\"https:\\\/\\\/www.damak.at\\\/en\\\/#website\"},\"datePublished\":\"2018-12-18T14:29:06+00:00\",\"dateModified\":\"2019-03-26T15:32:44+00:00\",\"breadcrumb\":{\"@id\":\"https:\\\/\\\/www.damak.at\\\/tr\\\/gizlilik_politikasi\\\/#breadcrumb\"},\"inLanguage\":\"tr\",\"potentialAction\":[{\"@type\":\"ReadAction\",\"target\":[\"https:\\\/\\\/www.damak.at\\\/tr\\\/gizlilik_politikasi\\\/\"]}]},{\"@type\":\"BreadcrumbList\",\"@id\":\"https:\\\/\\\/www.damak.at\\\/tr\\\/gizlilik_politikasi\\\/#breadcrumb\",\"itemListElement\":[{\"@type\":\"ListItem\",\"position\":1,\"name\":\"Startseite\",\"item\":\"https:\\\/\\\/www.damak.at\\\/tr\\\/\"},{\"@type\":\"ListItem\",\"position\":2,\"name\":\"Gizlilik Politikas\u0131\"}]},{\"@type\":\"WebSite\",\"@id\":\"https:\\\/\\\/www.damak.at\\\/en\\\/#website\",\"url\":\"https:\\\/\\\/www.damak.at\\\/en\\\/\",\"name\":\"Damak Restaurant Wien\",\"description\":\"Konya Etliekmek\",\"publisher\":{\"@id\":\"https:\\\/\\\/www.damak.at\\\/en\\\/#organization\"},\"potentialAction\":[{\"@type\":\"SearchAction\",\"target\":{\"@type\":\"EntryPoint\",\"urlTemplate\":\"https:\\\/\\\/www.damak.at\\\/en\\\/?s={search_term_string}\"},\"query-input\":{\"@type\":\"PropertyValueSpecification\",\"valueRequired\":true,\"valueName\":\"search_term_string\"}}],\"inLanguage\":\"tr\"},{\"@type\":\"Organization\",\"@id\":\"https:\\\/\\\/www.damak.at\\\/en\\\/#organization\",\"name\":\"Damak Restaurant Wien\",\"url\":\"https:\\\/\\\/www.damak.at\\\/en\\\/\",\"logo\":{\"@type\":\"ImageObject\",\"inLanguage\":\"tr\",\"@id\":\"https:\\\/\\\/www.damak.at\\\/en\\\/#\\\/schema\\\/logo\\\/image\\\/\",\"url\":\"https:\\\/\\\/www.damak.at\\\/wp-content\\\/uploads\\\/favicon.png\",\"contentUrl\":\"https:\\\/\\\/www.damak.at\\\/wp-content\\\/uploads\\\/favicon.png\",\"width\":32,\"height\":32,\"caption\":\"Damak Restaurant Wien\"},\"image\":{\"@id\":\"https:\\\/\\\/www.damak.at\\\/en\\\/#\\\/schema\\\/logo\\\/image\\\/\"},\"sameAs\":[\"https:\\\/\\\/www.facebook.com\\\/damaketliekmek\\\/?locale=de_DE\",\"https:\\\/\\\/www.instagram.com\\\/damak.restaurant\\\/?hl=de\"]}]}<\/script>\n<!-- \/ Yoast SEO plugin. -->","yoast_head_json":{"title":"Gizlilik Politikas\u0131 - Damak Restaurant Wien","robots":{"index":"index","follow":"follow","max-snippet":"max-snippet:-1","max-image-preview":"max-image-preview:large","max-video-preview":"max-video-preview:-1"},"canonical":"https:\/\/www.damak.at\/tr\/gizlilik_politikasi\/","og_locale":"tr_TR","og_type":"article","og_title":"Gizlilik Politikas\u0131 - Damak Restaurant Wien","og_description":"[vc_row full_width=&#8221;stretch_row&#8221; css=&#8221;.vc_custom_1545578568204{background-color: #000000 !important;}&#8221;][vc_column offset=&#8221;vc_hidden-md vc_hidden-sm vc_hidden-xs&#8221;][vc_empty_space height=&#8221;30px&#8221;][\/vc_column][\/vc_row][vc_row full_width=&#8221;stretch_row&#8221; content_placement=&#8221;bottom&#8221; css=&#8221;.vc_custom_1545140460190{background-image: url(https:\/\/www.damak.at\/wp-content\/uploads\/top-back.png?id=376) !important;background-position: 0 0 !important;background-repeat: no-repeat !important;}&#8221;][vc_column][vc_empty_space height=&#8221;35px&#8221;][vc_column_text] Gizlilik Politikas\u0131 [\/vc_column_text][vc_column_text css=&#8221;.vc_custom_1553614334601{margin-bottom: -20px !important;}&#8221;] [\u2026]","og_url":"https:\/\/www.damak.at\/tr\/gizlilik_politikasi\/","og_site_name":"Damak Restaurant Wien","article_publisher":"https:\/\/www.facebook.com\/damaketliekmek\/?locale=de_DE","article_modified_time":"2019-03-26T15:32:44+00:00","twitter_card":"summary_large_image","twitter_misc":{"Tahmini okuma s\u00fcresi":"11 dakika"},"schema":{"@context":"https:\/\/schema.org","@graph":[{"@type":"WebPage","@id":"https:\/\/www.damak.at\/tr\/gizlilik_politikasi\/","url":"https:\/\/www.damak.at\/tr\/gizlilik_politikasi\/","name":"Gizlilik Politikas\u0131 - Damak Restaurant Wien","isPartOf":{"@id":"https:\/\/www.damak.at\/en\/#website"},"datePublished":"2018-12-18T14:29:06+00:00","dateModified":"2019-03-26T15:32:44+00:00","breadcrumb":{"@id":"https:\/\/www.damak.at\/tr\/gizlilik_politikasi\/#breadcrumb"},"inLanguage":"tr","potentialAction":[{"@type":"ReadAction","target":["https:\/\/www.damak.at\/tr\/gizlilik_politikasi\/"]}]},{"@type":"BreadcrumbList","@id":"https:\/\/www.damak.at\/tr\/gizlilik_politikasi\/#breadcrumb","itemListElement":[{"@type":"ListItem","position":1,"name":"Startseite","item":"https:\/\/www.damak.at\/tr\/"},{"@type":"ListItem","position":2,"name":"Gizlilik Politikas\u0131"}]},{"@type":"WebSite","@id":"https:\/\/www.damak.at\/en\/#website","url":"https:\/\/www.damak.at\/en\/","name":"Damak Restaurant Wien","description":"Konya Etliekmek","publisher":{"@id":"https:\/\/www.damak.at\/en\/#organization"},"potentialAction":[{"@type":"SearchAction","target":{"@type":"EntryPoint","urlTemplate":"https:\/\/www.damak.at\/en\/?s={search_term_string}"},"query-input":{"@type":"PropertyValueSpecification","valueRequired":true,"valueName":"search_term_string"}}],"inLanguage":"tr"},{"@type":"Organization","@id":"https:\/\/www.damak.at\/en\/#organization","name":"Damak Restaurant Wien","url":"https:\/\/www.damak.at\/en\/","logo":{"@type":"ImageObject","inLanguage":"tr","@id":"https:\/\/www.damak.at\/en\/#\/schema\/logo\/image\/","url":"https:\/\/www.damak.at\/wp-content\/uploads\/favicon.png","contentUrl":"https:\/\/www.damak.at\/wp-content\/uploads\/favicon.png","width":32,"height":32,"caption":"Damak Restaurant Wien"},"image":{"@id":"https:\/\/www.damak.at\/en\/#\/schema\/logo\/image\/"},"sameAs":["https:\/\/www.facebook.com\/damaketliekmek\/?locale=de_DE","https:\/\/www.instagram.com\/damak.restaurant\/?hl=de"]}]}},"_links":{"self":[{"href":"https:\/\/www.damak.at\/tr\/wp-json\/wp\/v2\/pages\/937","targetHints":{"allow":["GET"]}}],"collection":[{"href":"https:\/\/www.damak.at\/tr\/wp-json\/wp\/v2\/pages"}],"about":[{"href":"https:\/\/www.damak.at\/tr\/wp-json\/wp\/v2\/types\/page"}],"author":[{"embeddable":true,"href":"https:\/\/www.damak.at\/tr\/wp-json\/wp\/v2\/users\/2"}],"replies":[{"embeddable":true,"href":"https:\/\/www.damak.at\/tr\/wp-json\/wp\/v2\/comments?post=937"}],"version-history":[{"count":2,"href":"https:\/\/www.damak.at\/tr\/wp-json\/wp\/v2\/pages\/937\/revisions"}],"predecessor-version":[{"id":939,"href":"https:\/\/www.damak.at\/tr\/wp-json\/wp\/v2\/pages\/937\/revisions\/939"}],"wp:attachment":[{"href":"https:\/\/www.damak.at\/tr\/wp-json\/wp\/v2\/media?parent=937"}],"curies":[{"name":"wp","href":"https:\/\/api.w.org\/{rel}","templated":true}]}}